{"id":34,"date":"2016-08-22T08:48:55","date_gmt":"2016-08-22T08:48:55","guid":{"rendered":"http:\/\/holisticenter.axiomthemes.com\/?page_id=34"},"modified":"2019-02-22T10:32:27","modified_gmt":"2019-02-22T10:32:27","slug":"privacy-policy","status":"publish","type":"page","link":"https:\/\/www.thegardenofpeace.com\/es\/politica-de-privacidad\/","title":{"rendered":"Our Privacy Policy"},"content":{"rendered":"<div class=\"wpb-content-wrapper\"><div class=\"vc_row wpb_row vc_row-fluid\"><div class=\"wpb_column vc_column_container vc_col-sm-12\"><div class=\"vc_column-inner\"><div class=\"wpb_wrapper\"><div class=\"vc_empty_space\"   style=\"height: 20px\"><span class=\"vc_empty_space_inner\"><\/span><\/div><\/div><\/div><\/div><\/div><div class=\"vc_row wpb_row vc_row-fluid\"><div class=\"wpb_column vc_column_container vc_col-sm-12\"><div class=\"vc_column-inner\"><div class=\"wpb_wrapper\"><h1 style=\"text-align: left\" class=\"vc_custom_heading vc_do_custom_heading\" >Pol\u00edtica de privacidad<\/h1><\/div><\/div><\/div><\/div><div class=\"vc_row wpb_row vc_row-fluid\"><div class=\"wpb_column vc_column_container vc_col-sm-12\"><div class=\"vc_column-inner\"><div class=\"wpb_wrapper\"><div class=\"vc_empty_space\"   style=\"height: 20px\"><span class=\"vc_empty_space_inner\"><\/span><\/div><\/div><\/div><\/div><\/div><div class=\"vc_row wpb_row vc_row-fluid\"><div class=\"wpb_column vc_column_container vc_col-sm-12\"><div class=\"vc_column-inner\"><div class=\"wpb_wrapper\"><h2 style=\"text-align: left\" class=\"vc_custom_heading vc_do_custom_heading\" >ALCANCE<\/h2><\/div><\/div><\/div><\/div><div class=\"vc_row wpb_row vc_row-fluid\"><div class=\"wpb_column vc_column_container vc_col-sm-12\"><div class=\"vc_column-inner\"><div class=\"wpb_wrapper\">\n\t<div class=\"wpb_text_column wpb_content_element\" >\n\t\t<div class=\"wpb_wrapper\">\n\t\t\t<p>EL JARD\u00cdN DE LA PAZ Escuela de Paz E.I.R.L, RUC 2060099703 (tambi\u00e9n denominado en esta Pol\u00edtica de Privacidad \"nosotros\", \"nuestro\" o \"nos\") se compromete a proteger la privacidad de su Informaci\u00f3n Personal. Esta Pol\u00edtica de Privacidad explica c\u00f3mo gestionamos la Informaci\u00f3n Personal que recopilamos, utilizamos y revelamos en relaci\u00f3n con este sitio web de productos y c\u00f3mo ponerse en contacto con nosotros si tiene alguna duda sobre nuestra gesti\u00f3n de su Informaci\u00f3n Personal, o si desea acceder o corregir su Informaci\u00f3n Personal o presentar una queja. Esta Pol\u00edtica de Privacidad no cubre la Informaci\u00f3n Personal que recopilamos o tenemos sobre nuestros empleados. Si tiene alguna pregunta relacionada con esta Pol\u00edtica de Privacidad, p\u00f3ngase en contacto con nuestro Responsable de Privacidad utilizando los datos de contacto que se facilitan a continuaci\u00f3n.<\/p>\n\n\t\t<\/div>\n\t<\/div>\n<\/div><\/div><\/div><\/div><div class=\"vc_row wpb_row vc_row-fluid\"><div class=\"wpb_column vc_column_container vc_col-sm-12\"><div class=\"vc_column-inner\"><div class=\"wpb_wrapper\"><h2 style=\"text-align: left\" class=\"vc_custom_heading vc_do_custom_heading\" >ANTECEDENTES<\/h2><\/div><\/div><\/div><\/div><div class=\"vc_row wpb_row vc_row-fluid\"><div class=\"wpb_column vc_column_container vc_col-sm-12\"><div class=\"vc_column-inner\"><div class=\"wpb_wrapper\">\n\t<div class=\"wpb_text_column wpb_content_element\" >\n\t\t<div class=\"wpb_wrapper\">\n\t\t\t<p>Estamos sujetos a la Ley Peruana de Protecci\u00f3n de Datos Personales - Ley N\u00b0 29733 (referida en esta Pol\u00edtica de Privacidad como \"Ley\"). La Ley regula la forma en que se maneja la informaci\u00f3n personal a lo largo de su ciclo de vida, desde la recolecci\u00f3n hasta el uso y divulgaci\u00f3n, almacenamiento, accesibilidad y eliminaci\u00f3n.<\/p>\n\n\t\t<\/div>\n\t<\/div>\n<\/div><\/div><\/div><\/div><div class=\"vc_row wpb_row vc_row-fluid\"><div class=\"wpb_column vc_column_container vc_col-sm-12\"><div class=\"vc_column-inner\"><div class=\"wpb_wrapper\"><h2 style=\"text-align: left\" class=\"vc_custom_heading vc_do_custom_heading\" >DEFINICIONES<\/h2><\/div><\/div><\/div><\/div><div class=\"vc_row wpb_row vc_row-fluid\"><div class=\"wpb_column vc_column_container vc_col-sm-12\"><div class=\"vc_column-inner\"><div class=\"wpb_wrapper\">\n\t<div class=\"wpb_text_column wpb_content_element\" >\n\t\t<div class=\"wpb_wrapper\">\n\t\t\t<p><strong>Informaci\u00f3n personal<\/strong>\u00a0cualquier informaci\u00f3n u opini\u00f3n, en cualquier forma y sea veraz o no, sobre una persona f\u00edsica identificada, o una persona f\u00edsica razonablemente identificable para nosotros.<\/p>\n<p><strong>Responsable de protecci\u00f3n de datos<\/strong>\u00a0se refiere a la persona cuyos datos figuran a continuaci\u00f3n, y con la que se puede contactar en relaci\u00f3n con cualquier consulta, queja o solicitud de acceso y correcci\u00f3n en relaci\u00f3n con esta pol\u00edtica.<\/p>\n<p><strong>Informaci\u00f3n sensible<\/strong>\u00a0es un subconjunto de la Informaci\u00f3n Personal que recibe un mayor nivel de protecci\u00f3n por ley debido a su naturaleza sensible e incluye Informaci\u00f3n Sanitaria e informaci\u00f3n sobre la raza, el origen \u00e9tnico, las opiniones pol\u00edticas, la pertenencia a asociaciones pol\u00edticas, profesionales o comerciales, las creencias religiosas o filos\u00f3ficas, la orientaci\u00f3n sexual y los antecedentes penales de una persona.<\/p>\n<p>S\u00f3lo recopilaremos Informaci\u00f3n Sensible si la persona ha consentido en su recopilaci\u00f3n o si la recopilaci\u00f3n est\u00e1 permitida por la Ley.<\/p>\n\n\t\t<\/div>\n\t<\/div>\n<\/div><\/div><\/div><\/div><div class=\"vc_row wpb_row vc_row-fluid\"><div class=\"wpb_column vc_column_container vc_col-sm-12\"><div class=\"vc_column-inner\"><div class=\"wpb_wrapper\"><h2 style=\"text-align: left\" class=\"vc_custom_heading vc_do_custom_heading\" >RECOPILACI\u00d3N DE SUS DATOS PERSONALES<\/h2><\/div><\/div><\/div><\/div><div class=\"vc_row wpb_row vc_row-fluid\"><div class=\"wpb_column vc_column_container vc_col-sm-12\"><div class=\"vc_column-inner\"><div class=\"wpb_wrapper\">\n\t<div class=\"wpb_text_column wpb_content_element\" >\n\t\t<div class=\"wpb_wrapper\">\n\t\t\t<p><strong>Informaci\u00f3n que obtenemos<\/strong><\/p>\n<p>Podemos obtener las siguientes categor\u00edas y tipos de informaci\u00f3n personal cuando usted decida proporcionarla a trav\u00e9s de nuestro Sitio:<\/p>\n<ul>\n<li><u>Informaci\u00f3n de contacto<\/u>- como su nombre, direcci\u00f3n postal, direcci\u00f3n de correo electr\u00f3nico y n\u00famero de tel\u00e9fono;<\/li>\n<li><u>Informaci\u00f3n del sitio<\/u>- la informaci\u00f3n personal que facilite en nuestro Sitio o a trav\u00e9s de \u00e9l; y<\/li>\n<li><u>Informaci\u00f3n biogr\u00e1fica<\/u>- como informaci\u00f3n sobre su formaci\u00f3n, historial laboral y militar, situaci\u00f3n legal para trabajar y otra informaci\u00f3n relevante para los puestos de trabajo espec\u00edficos a los que puede optar.<\/li>\n<\/ul>\n<p>Adem\u00e1s, cuando visita nuestro sitio, podemos recopilar cierta informaci\u00f3n por medios automatizados, como cookies y balizas web. La informaci\u00f3n que obtenemos de este modo puede incluir la direcci\u00f3n IP, las caracter\u00edsticas del navegador, las caracter\u00edsticas del dispositivo, el sistema operativo, las preferencias de idioma, las URL de referencia, informaci\u00f3n sobre las acciones realizadas en nuestro sitio y las fechas y horas de las visitas al sitio web. Una \"cookie\" es un archivo de texto que los sitios web env\u00edan al ordenador de un visitante o a otro dispositivo conectado a Internet para identificar de forma exclusiva el navegador del visitante o para almacenar informaci\u00f3n o ajustes en el navegador. Una \"baliza web\", tambi\u00e9n conocida como etiqueta de Internet, etiqueta de p\u00edxel o GIF transparente, vincula p\u00e1ginas web a servidores web y sus cookies y puede utilizarse para transmitir informaci\u00f3n recopilada a trav\u00e9s de cookies a un servidor web. A trav\u00e9s de estos m\u00e9todos de recopilaci\u00f3n automatizada, obtenemos \"datos clickstream\", que es un registro del contenido en el que un visitante hace clic mientras navega por un sitio web y otras acciones realizadas en dicho sitio web. A medida que el visitante hace clic en el sitio web, se puede recoger y almacenar un registro de la acci\u00f3n. Su navegador puede indicarle c\u00f3mo ser notificado cuando recibe determinados tipos de cookies o c\u00f3mo restringir o desactivar determinados tipos de cookies. Tenga en cuenta, no obstante, que sin cookies es posible que no pueda utilizar todas las funciones de nuestro Sitio.<\/p>\n<p>Un ejemplo de este tipo de terceros es Google Analytics, que utilizamos para recopilar y analizar informaci\u00f3n demogr\u00e1fica y de otro tipo, y a trav\u00e9s del cual Google recopilar\u00e1 determinada informaci\u00f3n que se utilizar\u00e1 de acuerdo con las pr\u00e1cticas de privacidad de Google.<\/p>\n<p>Para inhabilitar el uso de Google Analytics, haga clic en\u00a0<u><a href=\"https:\/\/tools.google.com\/dlpage\/gaoptout\/\">aqu\u00ed<\/a><\/u>.<\/p>\n<p>A continuaci\u00f3n encontrar\u00e1 informaci\u00f3n sobre nuestras pr\u00e1cticas en materia de cookies. En la medida en que lo exija la legislaci\u00f3n aplicable, obtendremos su consentimiento.<\/p>\n\n\t\t<\/div>\n\t<\/div>\n<\/div><\/div><\/div><\/div><div class=\"vc_row wpb_row vc_row-fluid\"><div class=\"wpb_column vc_column_container vc_col-sm-12\"><div class=\"vc_column-inner\"><div class=\"wpb_wrapper\"><h2 style=\"text-align: left\" class=\"vc_custom_heading vc_do_custom_heading\" >USO Y DIVULGACI\u00d3N DE INFORMACI\u00d3N PERSONAL<\/h2><\/div><\/div><\/div><\/div><div class=\"vc_row wpb_row vc_row-fluid\"><div class=\"wpb_column vc_column_container vc_col-sm-12\"><div class=\"vc_column-inner\"><div class=\"wpb_wrapper\"><h3 style=\"text-align: left\" class=\"vc_custom_heading vc_do_custom_heading\" >GENERALMENTE<\/h3><\/div><\/div><\/div><\/div><div class=\"vc_row wpb_row vc_row-fluid\"><div class=\"wpb_column vc_column_container vc_col-sm-12\"><div class=\"vc_column-inner\"><div class=\"wpb_wrapper\">\n\t<div class=\"wpb_text_column wpb_content_element\" >\n\t\t<div class=\"wpb_wrapper\">\n\t\t\t<p><strong>Utilizamos la informaci\u00f3n personal para:<\/strong><\/p>\n<ul>\n<li>responder a sus solicitudes, preguntas y comentarios y comunicarnos con usted;<\/li>\n<li>operar, evaluar y mejorar nuestro negocio (incluido el desarrollo de nuevos productos y servicios; la gesti\u00f3n de nuestras comunicaciones; la determinaci\u00f3n de la eficacia de nuestras ventas, marketing y publicidad; el an\u00e1lisis y la mejora de nuestros productos, servicios y Sitio; y la realizaci\u00f3n de actividades de contabilidad, auditor\u00eda, facturaci\u00f3n, conciliaci\u00f3n y cobro);<\/li>\n<li>realizar an\u00e1lisis de datos y otros tratamientos (incluidos estudios de mercado y de consumidores y an\u00e1lisis de tendencias);<\/li>\n<li>proteger, identificar y prevenir el fraude y otras actividades delictivas, reclamaciones y otras responsabilidades; y<\/li>\n<li>cumplir y hacer cumplir los requisitos legales aplicables, las normas pertinentes del sector y nuestras pol\u00edticas.<\/li>\n<\/ul>\n<p>Adem\u00e1s, utilizamos la informaci\u00f3n recopilada en l\u00ednea a trav\u00e9s de cookies, balizas web y otros medios automatizados con fines tales como (i) personalizar las visitas de nuestros usuarios a nuestro Sitio y (ii) prestarle servicios. Tambi\u00e9n utilizamos esta informaci\u00f3n para ayudar a diagnosticar problemas t\u00e9cnicos y de servicio, administrar nuestro Sitio, identificar a los usuarios de nuestro Sitio y recopilar informaci\u00f3n demogr\u00e1fica sobre nuestros usuarios. Utilizamos los datos de seguimiento de clics para determinar cu\u00e1nto tiempo pasan los usuarios en las p\u00e1ginas web de nuestro Sitio, c\u00f3mo navegan los usuarios por nuestro Sitio y c\u00f3mo podemos adaptar nuestro Sitio para satisfacer mejor las necesidades de nuestros usuarios.<\/p>\n<p>Tambi\u00e9n podemos utilizar la informaci\u00f3n que obtenemos sobre usted de otras formas que notificamos espec\u00edficamente en el momento de la recogida.<\/p>\n<p><strong>Podemos revelar sus Datos Personales:<\/strong><\/p>\n<p>No vendemos ni compartimos de ning\u00fan otro modo sus datos personales, salvo en los casos descritos en este Aviso de privacidad en l\u00ednea.<\/p>\n<ul>\n<li>Compartimos informaci\u00f3n personal con terceros que prestan servicios en nuestro nombre. Estos terceros no est\u00e1n autorizados por nosotros a utilizar o divulgar la informaci\u00f3n, salvo en la medida necesaria para prestar servicios en nuestro nombre o cumplir requisitos legales.<\/li>\n<li>Tambi\u00e9n compartimos la informaci\u00f3n personal que obtenemos con nuestras filiales y subsidiarias para los fines descritos en la secci\u00f3n de este Aviso de privacidad en l\u00ednea denominada \"C\u00f3mo utilizamos la informaci\u00f3n que obtenemos.\"<\/li>\n<li>Nos reservamos el derecho a transferir cualquier informaci\u00f3n que tengamos sobre usted en caso de que vendamos o transfiramos la totalidad o una parte de nuestro negocio o activos (incluso en caso de reorganizaci\u00f3n, disoluci\u00f3n, quiebra o liquidaci\u00f3n).<\/li>\n<\/ul>\n\n\t\t<\/div>\n\t<\/div>\n<\/div><\/div><\/div><\/div><div class=\"vc_row wpb_row vc_row-fluid\"><div class=\"wpb_column vc_column_container vc_col-sm-12\"><div class=\"vc_column-inner\"><div class=\"wpb_wrapper\"><h3 style=\"text-align: left\" class=\"vc_custom_heading vc_do_custom_heading\" >DIVULGACIONES EN EL EXTRANJERO<\/h3><\/div><\/div><\/div><\/div><div class=\"vc_row wpb_row vc_row-fluid\"><div class=\"wpb_column vc_column_container vc_col-sm-12\"><div class=\"vc_column-inner\"><div class=\"wpb_wrapper\">\n\t<div class=\"wpb_text_column wpb_content_element\" >\n\t\t<div class=\"wpb_wrapper\">\n\t\t\t<p>Este sitio web utiliza servidores alojados en Utah que est\u00e1n controlados por una o m\u00e1s de nuestras entidades relacionadas que nos proporcionan asistencia en tecnolog\u00eda de la informaci\u00f3n y no pueden utilizar ninguna Informaci\u00f3n Personal almacenada en esos servidores para ning\u00fan otro fin propio.<\/p>\n<p>Parte de la informaci\u00f3n personal que recopilamos sobre usted a trav\u00e9s del Sitio se transferir\u00e1 a pa\u00edses distintos del pa\u00eds en el que se recopil\u00f3 originalmente la informaci\u00f3n. Es posible que esos pa\u00edses no tengan las mismas leyes de protecci\u00f3n de datos que el pa\u00eds en el que usted facilit\u00f3 inicialmente la informaci\u00f3n. Cuando transfiramos su informaci\u00f3n personal a otros pa\u00edses, protegeremos dicha informaci\u00f3n tal y como se describe en este Aviso de privacidad en l\u00ednea y cumpliremos con los requisitos legales aplicables.<\/p>\n\n\t\t<\/div>\n\t<\/div>\n<\/div><\/div><\/div><\/div><div class=\"vc_row wpb_row vc_row-fluid\"><div class=\"wpb_column vc_column_container vc_col-sm-12\"><div class=\"vc_column-inner\"><div class=\"wpb_wrapper\"><h3 style=\"text-align: left\" class=\"vc_custom_heading vc_do_custom_heading\" >ENLACES A OTROS SITIOS WEB<\/h3><\/div><\/div><\/div><\/div><div class=\"vc_row wpb_row vc_row-fluid\"><div class=\"wpb_column vc_column_container vc_col-sm-12\"><div class=\"vc_column-inner\"><div class=\"wpb_wrapper\">\n\t<div class=\"wpb_text_column wpb_content_element\" >\n\t\t<div class=\"wpb_wrapper\">\n\t\t\t<p>Nuestro Sitio puede contener enlaces a otros sitios web para su comodidad e informaci\u00f3n. Estos sitios web pueden estar gestionados por empresas no afiliadas a El Jard\u00edn de la Paz. Los sitios web enlazados suelen tener sus propias pol\u00edticas o avisos de privacidad, que le recomendamos encarecidamente que revise si visita cualquiera de los sitios web enlazados. No nos hacemos responsables del contenido de los sitios web no afiliados a El Jard\u00edn de la Paz, del uso que se haga de dichos sitios web ni de las pr\u00e1cticas de privacidad de los mismos.<\/p>\n\n\t\t<\/div>\n\t<\/div>\n<\/div><\/div><\/div><\/div><div class=\"vc_row wpb_row vc_row-fluid\"><div class=\"wpb_column vc_column_container vc_col-sm-12\"><div class=\"vc_column-inner\"><div class=\"wpb_wrapper\"><h3 style=\"text-align: left\" class=\"vc_custom_heading vc_do_custom_heading\" >MARKETING DIRECTO Y EXCLUSI\u00d3N VOLUNTARIA<\/h3><\/div><\/div><\/div><\/div><div class=\"vc_row wpb_row vc_row-fluid\"><div class=\"wpb_column vc_column_container vc_col-sm-12\"><div class=\"vc_column-inner\"><div class=\"wpb_wrapper\">\n\t<div class=\"wpb_text_column wpb_content_element\" >\n\t\t<div class=\"wpb_wrapper\">\n\t\t\t<p>Podemos, despu\u00e9s de obtener el consentimiento previo expreso o en circunstancias apropiadas a trav\u00e9s de los datos de contacto proporcionados, como correo electr\u00f3nico, SMS o tel\u00e9fono, consentimiento inferido, utilizar y divulgar informaci\u00f3n, incluyendo Informaci\u00f3n Personal, para comunicarnos con usted acerca de sus productos y servicios actuales o nuevos que considere que pueden ser \u00fatiles o relevantes para usted. No alquilamos, vendemos ni compartimos Informaci\u00f3n Personal sobre individuos con otras personas o empresas no afiliadas para sus fines de marketing directo. Si en el futuro no desea recibir publicidad directa de nuestra parte, puede optar por no recibir este tipo de comunicaciones en cualquier momento siguiendo las instrucciones de exclusi\u00f3n indicadas en la comunicaci\u00f3n correspondiente o poni\u00e9ndose en contacto con el responsable de privacidad a trav\u00e9s de los datos que se indican a continuaci\u00f3n.<\/p>\n\n\t\t<\/div>\n\t<\/div>\n<\/div><\/div><\/div><\/div><div class=\"vc_row wpb_row vc_row-fluid\"><div class=\"wpb_column vc_column_container vc_col-sm-12\"><div class=\"vc_column-inner\"><div class=\"wpb_wrapper\"><h3 style=\"text-align: left\" class=\"vc_custom_heading vc_do_custom_heading\" >USO DE COOKIES Y DIRECCIONES IP EN NUESTROS SITIOS WEB<\/h3><\/div><\/div><\/div><\/div><div class=\"vc_row wpb_row vc_row-fluid\"><div class=\"wpb_column vc_column_container vc_col-sm-12\"><div class=\"vc_column-inner\"><div class=\"wpb_wrapper\">\n\t<div class=\"wpb_text_column wpb_content_element\" >\n\t\t<div class=\"wpb_wrapper\">\n\t\t\t<p>En nuestros sitios web utilizamos cookies de sesi\u00f3n. Una cookie es un peque\u00f1o archivo de informaci\u00f3n que el sitio web transfiere al navegador de su ordenador, el cual puede almacenarlo en su sistema para su posterior recuperaci\u00f3n por este sitio web. Las cookies rastrean sus movimientos a trav\u00e9s de diferentes sitios web. No utilizamos cookies para identificar a las personas (por ejemplo, vincul\u00e1ndolas a una direcci\u00f3n de correo electr\u00f3nico que nos hayan facilitado). Las cookies que utilizamos le ayudan a navegar por el sitio web y personalizan su experiencia cuando lo visita. Podemos utilizar estad\u00edsticas no personalizadas sobre el uso de este sitio web para mejorarlo continuamente y mejorar el servicio al cliente. Estas estad\u00edsticas no incluyen informaci\u00f3n personal. Tambi\u00e9n recopilamos direcciones IP. Una direcci\u00f3n IP se utiliza para identificar el ordenador de una persona en Internet. Utilizamos las direcciones IP para la administraci\u00f3n del sistema.<\/p>\n\n\t\t<\/div>\n\t<\/div>\n<\/div><\/div><\/div><\/div><div class=\"vc_row wpb_row vc_row-fluid\"><div class=\"wpb_column vc_column_container vc_col-sm-12\"><div class=\"vc_column-inner\"><div class=\"wpb_wrapper\"><h2 style=\"text-align: left\" class=\"vc_custom_heading vc_do_custom_heading\" >CALIDAD Y SEGURIDAD DE LOS DATOS<\/h2><\/div><\/div><\/div><\/div><div class=\"vc_row wpb_row vc_row-fluid\"><div class=\"wpb_column vc_column_container vc_col-sm-12\"><div class=\"vc_column-inner\"><div class=\"wpb_wrapper\">\n\t<div class=\"wpb_text_column wpb_content_element\" >\n\t\t<div class=\"wpb_wrapper\">\n\t\t\t<p>Hemos puesto en marcha procedimientos f\u00edsicos, electr\u00f3nicos y de gesti\u00f3n razonables para salvaguardar la informaci\u00f3n que recopilamos; sin embargo, debido a la naturaleza abierta inherente a Internet, no podemos garantizar que toda la informaci\u00f3n est\u00e9 libre de acceso no autorizado por parte de terceros, como piratas inform\u00e1ticos, y su uso del Sitio demuestra su asunci\u00f3n de este riesgo.<\/p>\n\n\t\t<\/div>\n\t<\/div>\n<\/div><\/div><\/div><\/div><div class=\"vc_row wpb_row vc_row-fluid\"><div class=\"wpb_column vc_column_container vc_col-sm-12\"><div class=\"vc_column-inner\"><div class=\"wpb_wrapper\"><h2 style=\"text-align: left\" class=\"vc_custom_heading vc_do_custom_heading\" >CONSERVACI\u00d3N DE DATOS<\/h2><\/div><\/div><\/div><\/div><div class=\"vc_row wpb_row vc_row-fluid\"><div class=\"wpb_column vc_column_container vc_col-sm-12\"><div class=\"vc_column-inner\"><div class=\"wpb_wrapper\">\n\t<div class=\"wpb_text_column wpb_content_element\" >\n\t\t<div class=\"wpb_wrapper\">\n\t\t\t<p>S\u00f3lo conservaremos su informaci\u00f3n personal durante el tiempo necesario para cumplir los fines para los que fue recopilada, incluido el cumplimiento de cualquier requisito legal, contable o de elaboraci\u00f3n de informes, o para cumplir con nuestras pr\u00e1cticas de conservaci\u00f3n de datos.<\/p>\n<p>Si se encuentra en la Uni\u00f3n Europea con derechos en virtud del Reglamento General de Protecci\u00f3n de Datos (\"GDPR\"), se aplican las siguientes secciones adicionales:<\/p>\n<ul>\n<li>Si se encuentra en la Uni\u00f3n Europea con derechos en virtud del Reglamento General de Protecci\u00f3n de Datos (\"GDPR\"), se aplican las siguientes secciones adicionales:<\/li>\n<li>Puede ser necesario que utilicemos y divulguemos su informaci\u00f3n personal para la ejecuci\u00f3n y el cumplimiento del contrato entre nosotros y para prestarle nuestros servicios;<\/li>\n<li>Podemos utilizar y divulgar su informaci\u00f3n personal cuando sea necesario para nuestros intereses leg\u00edtimos (o los de un tercero) y sus intereses y derechos fundamentales no prevalezcan sobre dichos intereses;<\/li>\n<li>Si da su consentimiento espec\u00edfico para determinados usos de su informaci\u00f3n personal, podremos utilizarla de forma coherente con dicho consentimiento.<\/li>\n<li>Tambi\u00e9n procesaremos, transferiremos, revelaremos y conservaremos informaci\u00f3n personal cuando creamos de buena fe que es necesario hacerlo.<\/li>\n<li>Si procede, de conformidad con el GDPR, tiene derecho a retirar el consentimiento que nos haya proporcionado previamente para el tratamiento de su informaci\u00f3n personal poni\u00e9ndose en contacto con nosotros en info@thegardenofpeaace.com. Estas personas tambi\u00e9n tienen los siguientes derechos:<\/li>\n<li><u>Derecho de acceso<\/u>- Este derecho permite a las personas obtener confirmaci\u00f3n de que su informaci\u00f3n personal est\u00e1 siendo procesada y permite a las personas solicitar detalles sobre el tratamiento de su informaci\u00f3n personal, incluyendo, sin limitaci\u00f3n, las categor\u00edas de destinatarios a los que la informaci\u00f3n personal ha sido o ser\u00e1 revelada y los fines del tratamiento.<\/li>\n<li><u>Derecho de rectificaci\u00f3n<\/u>- Este derecho permite a las personas rectificar cualquier informaci\u00f3n personal inexacta sobre ellas.<\/li>\n<li><u>Derecho a restringir el tratamiento<\/u>- Este derecho permite a las personas bloquear o suprimir el tratamiento de informaci\u00f3n personal en determinadas circunstancias.<\/li>\n<li><u>Derecho al olvido<\/u>- Este derecho tambi\u00e9n se conoce como \"derecho de supresi\u00f3n\". Es el derecho de una persona a que se borren sus datos personales o a impedir su tratamiento en determinadas circunstancias.<\/li>\n<li><u>Derecho a la portabilidad de los datos<\/u>- Este derecho permite a las personas trasladar, copiar o transferir informaci\u00f3n personal de un lugar a otro de forma segura sin interrumpir la integridad y utilidad de la informaci\u00f3n.<\/li>\n<li><u>Derecho a oponerse al tratamiento<\/u>- Este derecho permite a las personas oponerse a determinados tipos de tratamiento, incluida la mercadotecnia directa, la elaboraci\u00f3n de perfiles y el suministro con fines de investigaci\u00f3n cient\u00edfica o hist\u00f3rica y estad\u00edstica.<\/li>\n<\/ul>\n\n\t\t<\/div>\n\t<\/div>\n<\/div><\/div><\/div><\/div><div class=\"vc_row wpb_row vc_row-fluid\"><div class=\"wpb_column vc_column_container vc_col-sm-12\"><div class=\"vc_column-inner\"><div class=\"wpb_wrapper\"><h2 style=\"text-align: left\" class=\"vc_custom_heading vc_do_custom_heading\" >ACCESO A SUS DATOS PERSONALES Y RECTIFICACI\u00d3N DE LOS MISMOS<\/h2><\/div><\/div><\/div><\/div><div class=\"vc_row wpb_row vc_row-fluid\"><div class=\"wpb_column vc_column_container vc_col-sm-12\"><div class=\"vc_column-inner\"><div class=\"wpb_wrapper\">\n\t<div class=\"wpb_text_column wpb_content_element\" >\n\t\t<div class=\"wpb_wrapper\">\n\t\t\t<p>Intentamos garantizar que toda la Informaci\u00f3n Personal sobre un individuo que recopilamos, conservamos, utilizamos o revelamos sea pertinente, exacta, completa y actual. Debe notificarnos sin demora si se produce alg\u00fan cambio en sus Datos Personales.<\/p>\n<p>Puede solicitar en cualquier momento el acceso a su informaci\u00f3n personal poni\u00e9ndose en contacto con nuestro responsable de privacidad a trav\u00e9s de los datos que se indican a continuaci\u00f3n. Tramitaremos dichas solicitudes en un plazo razonable y sin cargo alguno. Tambi\u00e9n puede pedirnos que corrijamos su Informaci\u00f3n Personal que considere irrelevante para los fines establecidos en esta Pol\u00edtica de Privacidad, inexacta, incompleta o desactualizada.<\/p>\n<p>Es posible que necesitemos verificar su identidad antes de dar acceso a sus Datos Personales o corregirlos. Responderemos a dichas solicitudes en un plazo razonable, normalmente de 30 d\u00edas.<\/p>\n<p>Le facilitaremos el acceso a sus Datos Personales a menos que se aplique una excepci\u00f3n prevista en la Ley o en la legislaci\u00f3n aplicable en materia de registros sanitarios.<\/p>\n<p>Si denegamos su solicitud de acceso a sus Datos Personales o de correcci\u00f3n de los mismos, le notificaremos por escrito nuestra decisi\u00f3n y nuestros motivos (a menos que no sea razonable hacerlo), as\u00ed como la forma de presentar una reclamaci\u00f3n al respecto. Si nos negamos a corregir la Informaci\u00f3n Personal, puede pedirnos que grabemos una declaraci\u00f3n con esa Informaci\u00f3n Personal indicando lo que usted cree que es incorrecto.<\/p>\n\n\t\t<\/div>\n\t<\/div>\n<\/div><\/div><\/div><\/div><div class=\"vc_row wpb_row vc_row-fluid\"><div class=\"wpb_column vc_column_container vc_col-sm-12\"><div class=\"vc_column-inner\"><div class=\"wpb_wrapper\"><h2 style=\"text-align: left\" class=\"vc_custom_heading vc_do_custom_heading\" >PREGUNTAS, DUDAS O QUEJAS<\/h2><\/div><\/div><\/div><\/div><div class=\"vc_row wpb_row vc_row-fluid\"><div class=\"wpb_column vc_column_container vc_col-sm-12\"><div class=\"vc_column-inner\"><div class=\"wpb_wrapper\">\n\t<div class=\"wpb_text_column wpb_content_element\" >\n\t\t<div class=\"wpb_wrapper\">\n\t\t\t<p>Si desea presentar una queja en relaci\u00f3n con la gesti\u00f3n que hacemos de sus datos personales o con una decisi\u00f3n sobre su solicitud de acceso o correcci\u00f3n, o si tiene cualquier otra pregunta o duda sobre su privacidad, p\u00f3ngase en contacto con nuestro responsable de privacidad por tel\u00e9fono, correo electr\u00f3nico o correo postal, utilizando los datos que se indican a continuaci\u00f3n.<\/p>\n<p>Necesitaremos detalles sobre la naturaleza de la queja y tendremos que verificar su identidad. Investigaremos cualquier queja y responderemos en un plazo razonable, generalmente de 30 d\u00edas. Es posible que necesitemos solicitar m\u00e1s informaci\u00f3n para responder.<\/p>\n<p>Si no est\u00e1 satisfecho con nuestra respuesta a una queja, puede ponerse en contacto con la NDPA en los datos que figuran a continuaci\u00f3n.<\/p>\n\n\t\t<\/div>\n\t<\/div>\n<\/div><\/div><\/div><\/div><div class=\"vc_row wpb_row vc_row-fluid\"><div class=\"wpb_column vc_column_container vc_col-sm-12\"><div class=\"vc_column-inner\"><div class=\"wpb_wrapper\"><h3 style=\"text-align: left\" class=\"vc_custom_heading vc_do_custom_heading\" >NUESTROS DATOS DE CONTACTO<\/h3><\/div><\/div><\/div><\/div><div class=\"vc_row wpb_row vc_row-fluid\"><div class=\"wpb_column vc_column_container vc_col-sm-12\"><div class=\"vc_column-inner\"><div class=\"wpb_wrapper\">\n\t<div class=\"wpb_text_column wpb_content_element\" >\n\t\t<div class=\"wpb_wrapper\">\n\t\t\t<p>Responsable de protecci\u00f3n de datos<\/p>\n<p>El Jard\u00edn de la Paz<\/p>\n<p>Centro de sanaci\u00f3n con Ayahuasca y Plantas Maestras. Lamas, San Mart\u00edn, Per\u00fa<\/p>\n<p>Email: info@thegardenofpeace.com<\/p>\n<p>Tel\u00e9fono\/Whatsapp: +51 983 067 379<\/p>\n\n\t\t<\/div>\n\t<\/div>\n<\/div><\/div><\/div><\/div><div class=\"vc_row wpb_row vc_row-fluid\"><div class=\"wpb_column vc_column_container vc_col-sm-12\"><div class=\"vc_column-inner\"><div class=\"wpb_wrapper\"><h3 style=\"text-align: left\" class=\"vc_custom_heading vc_do_custom_heading\" >DATOS DE CONTACTO DEL NDPA<\/h3><\/div><\/div><\/div><\/div><div class=\"vc_row wpb_row vc_row-fluid\"><div class=\"wpb_column vc_column_container vc_col-sm-12\"><div class=\"vc_column-inner\"><div class=\"wpb_wrapper\">\n\t<div class=\"wpb_text_column wpb_content_element\" >\n\t\t<div class=\"wpb_wrapper\">\n\t\t\t<p>La Direcci\u00f3n de Protecci\u00f3n de Datos Personales, dependiente de la Direcci\u00f3n General de Transparencia, Acceso a la Informaci\u00f3n P\u00fablica y Protecci\u00f3n de Datos Personales (c), es el principal organismo encargado de velar por el cumplimiento de la normativa en materia de protecci\u00f3n de datos.<\/p>\n<p><strong>La direcci\u00f3n actual de la NDPA es:<\/strong><\/p>\n<p>Scipion Llona 350, Miraflores, L-18, Lima Per\u00fa<\/p>\n<p>Tel\u00e9fono: <a href=\"tel:(01)%20204-8020\">(01) 204-8020<\/a><\/p>\n<p>P\u00e1gina web: <a href=\"https:\/\/www.gob.pe\/minjus\">https:\/\/www.gob.pe\/minjus<\/a><\/p>\n\n\t\t<\/div>\n\t<\/div>\n<\/div><\/div><\/div><\/div><div class=\"vc_row wpb_row vc_row-fluid\"><div class=\"wpb_column vc_column_container vc_col-sm-12\"><div class=\"vc_column-inner\"><div class=\"wpb_wrapper\"><h3 style=\"text-align: left\" class=\"vc_custom_heading vc_do_custom_heading\" >CAMBIOS EN NUESTRA POL\u00cdTICA DE PRIVACIDAD<\/h3><\/div><\/div><\/div><\/div><div class=\"vc_row wpb_row vc_row-fluid\"><div class=\"wpb_column vc_column_container vc_col-sm-12\"><div class=\"vc_column-inner\"><div class=\"wpb_wrapper\">\n\t<div class=\"wpb_text_column wpb_content_element\" >\n\t\t<div class=\"wpb_wrapper\">\n\t\t\t<p>Este Aviso de Privacidad en L\u00ednea puede ser actualizado peri\u00f3dicamente. Publicaremos un aviso destacado en nuestro Sitio para notificarle cualquier cambio significativo en nuestro Aviso de privacidad en l\u00ednea e indicaremos en la parte superior del aviso cu\u00e1ndo se actualiz\u00f3 m\u00e1s recientemente.<\/p>\n<p>En El Jard\u00edn de la Paz respetamos sus preocupaciones.<\/p>\n<p>\u00daltima actualizaci\u00f3n: Febrero de 2019<\/p>\n\n\t\t<\/div>\n\t<\/div>\n<\/div><\/div><\/div><\/div><div class=\"vc_row wpb_row vc_row-fluid\"><div class=\"wpb_column vc_column_container vc_col-sm-12\"><div class=\"vc_column-inner\"><div class=\"wpb_wrapper\"><div class=\"vc_empty_space\"   style=\"height: 20px\"><span class=\"vc_empty_space_inner\"><\/span><\/div><\/div><\/div><\/div><\/div>\n<\/div>","protected":false},"excerpt":{"rendered":"Privacy PolicySCOPE THE GARDEN OF PEACE Escuela de Paz E.I.R.L, RUC 2060099703 (also referred to in this Privacy Policy \"we\", \"our\" or \"us\") is committed to protecting the privacy of [...]","protected":false},"author":1,"featured_media":0,"parent":0,"menu_order":0,"comment_status":"closed","ping_status":"closed","template":"","meta":{"pgc_meta":"","footnotes":""},"class_list":["post-34","page","type-page","status-publish","hentry"],"pgc_meta":"","yoast_head":"<!-- This site is optimized with the Yoast SEO plugin v27.2 - https:\/\/yoast.com\/product\/yoast-seo-wordpress\/ -->\n<title>Our Privacy Policy - The Garden of Peace<\/title>\n<meta name=\"robots\" content=\"index, follow, max-snippet:-1, max-image-preview:large, max-video-preview:-1\" \/>\n<link rel=\"canonical\" href=\"https:\/\/www.thegardenofpeace.com\/es\/politica-de-privacidad\/\" \/>\n<meta property=\"og:locale\" content=\"es_ES\" \/>\n<meta property=\"og:type\" content=\"article\" \/>\n<meta property=\"og:title\" content=\"Our Privacy Policy - The Garden of Peace\" \/>\n<meta property=\"og:url\" content=\"https:\/\/www.thegardenofpeace.com\/es\/politica-de-privacidad\/\" \/>\n<meta property=\"og:site_name\" content=\"The Garden of Peace\" \/>\n<meta property=\"article:publisher\" content=\"https:\/\/www.facebook.com\/eljardindelapaz\/?tn-str=k%2aF\" \/>\n<meta property=\"article:modified_time\" content=\"2019-02-22T10:32:27+00:00\" \/>\n<meta name=\"twitter:card\" content=\"summary_large_image\" \/>\n<meta name=\"twitter:label1\" content=\"Tiempo de lectura\" \/>\n\t<meta name=\"twitter:data1\" content=\"16 minutos\" \/>\n<script type=\"application\/ld+json\" class=\"yoast-schema-graph\">{\"@context\":\"https:\/\/schema.org\",\"@graph\":[{\"@type\":\"WebPage\",\"@id\":\"https:\/\/www.thegardenofpeace.com\/privacy-policy\/\",\"url\":\"https:\/\/www.thegardenofpeace.com\/privacy-policy\/\",\"name\":\"Our Privacy Policy - The Garden of Peace\",\"isPartOf\":{\"@id\":\"https:\/\/www.thegardenofpeace.com\/#website\"},\"datePublished\":\"2016-08-22T08:48:55+00:00\",\"dateModified\":\"2019-02-22T10:32:27+00:00\",\"inLanguage\":\"es\",\"potentialAction\":[{\"@type\":\"ReadAction\",\"target\":[\"https:\/\/www.thegardenofpeace.com\/privacy-policy\/\"]}]},{\"@type\":\"WebSite\",\"@id\":\"https:\/\/www.thegardenofpeace.com\/#website\",\"url\":\"https:\/\/www.thegardenofpeace.com\/\",\"name\":\"The Garden of Peace\",\"description\":\"\",\"publisher\":{\"@id\":\"https:\/\/www.thegardenofpeace.com\/#organization\"},\"potentialAction\":[{\"@type\":\"SearchAction\",\"target\":{\"@type\":\"EntryPoint\",\"urlTemplate\":\"https:\/\/www.thegardenofpeace.com\/?s={search_term_string}\"},\"query-input\":{\"@type\":\"PropertyValueSpecification\",\"valueRequired\":true,\"valueName\":\"search_term_string\"}}],\"inLanguage\":\"es\"},{\"@type\":\"Organization\",\"@id\":\"https:\/\/www.thegardenofpeace.com\/#organization\",\"name\":\"the garden of peace\",\"url\":\"https:\/\/www.thegardenofpeace.com\/\",\"logo\":{\"@type\":\"ImageObject\",\"inLanguage\":\"es\",\"@id\":\"https:\/\/www.thegardenofpeace.com\/#\/schema\/logo\/image\/\",\"url\":\"https:\/\/www.thegardenofpeace.com\/wp-content\/uploads\/2018\/11\/header-three.png\",\"contentUrl\":\"https:\/\/www.thegardenofpeace.com\/wp-content\/uploads\/2018\/11\/header-three.png\",\"width\":558,\"height\":149,\"caption\":\"the garden of peace\"},\"image\":{\"@id\":\"https:\/\/www.thegardenofpeace.com\/#\/schema\/logo\/image\/\"},\"sameAs\":[\"https:\/\/www.facebook.com\/eljardindelapaz\/?tn-str=k*F\",\"https:\/\/www.instagram.com\/thegardenofpeace\/?hl=en\"]}]}<\/script>\n<!-- \/ Yoast SEO plugin. -->","yoast_head_json":{"title":"Our Privacy Policy - The Garden of Peace","robots":{"index":"index","follow":"follow","max-snippet":"max-snippet:-1","max-image-preview":"max-image-preview:large","max-video-preview":"max-video-preview:-1"},"canonical":"https:\/\/www.thegardenofpeace.com\/es\/politica-de-privacidad\/","og_locale":"es_ES","og_type":"article","og_title":"Our Privacy Policy - The Garden of Peace","og_url":"https:\/\/www.thegardenofpeace.com\/es\/politica-de-privacidad\/","og_site_name":"The Garden of Peace","article_publisher":"https:\/\/www.facebook.com\/eljardindelapaz\/?tn-str=k%2aF","article_modified_time":"2019-02-22T10:32:27+00:00","twitter_card":"summary_large_image","twitter_misc":{"Tiempo de lectura":"16 minutos"},"schema":{"@context":"https:\/\/schema.org","@graph":[{"@type":"WebPage","@id":"https:\/\/www.thegardenofpeace.com\/privacy-policy\/","url":"https:\/\/www.thegardenofpeace.com\/privacy-policy\/","name":"Our Privacy Policy - The Garden of Peace","isPartOf":{"@id":"https:\/\/www.thegardenofpeace.com\/#website"},"datePublished":"2016-08-22T08:48:55+00:00","dateModified":"2019-02-22T10:32:27+00:00","inLanguage":"es","potentialAction":[{"@type":"ReadAction","target":["https:\/\/www.thegardenofpeace.com\/privacy-policy\/"]}]},{"@type":"WebSite","@id":"https:\/\/www.thegardenofpeace.com\/#website","url":"https:\/\/www.thegardenofpeace.com\/","name":"The Garden of Peace","description":"","publisher":{"@id":"https:\/\/www.thegardenofpeace.com\/#organization"},"potentialAction":[{"@type":"SearchAction","target":{"@type":"EntryPoint","urlTemplate":"https:\/\/www.thegardenofpeace.com\/?s={search_term_string}"},"query-input":{"@type":"PropertyValueSpecification","valueRequired":true,"valueName":"search_term_string"}}],"inLanguage":"es"},{"@type":"Organization","@id":"https:\/\/www.thegardenofpeace.com\/#organization","name":"the garden of peace","url":"https:\/\/www.thegardenofpeace.com\/","logo":{"@type":"ImageObject","inLanguage":"es","@id":"https:\/\/www.thegardenofpeace.com\/#\/schema\/logo\/image\/","url":"https:\/\/www.thegardenofpeace.com\/wp-content\/uploads\/2018\/11\/header-three.png","contentUrl":"https:\/\/www.thegardenofpeace.com\/wp-content\/uploads\/2018\/11\/header-three.png","width":558,"height":149,"caption":"the garden of peace"},"image":{"@id":"https:\/\/www.thegardenofpeace.com\/#\/schema\/logo\/image\/"},"sameAs":["https:\/\/www.facebook.com\/eljardindelapaz\/?tn-str=k*F","https:\/\/www.instagram.com\/thegardenofpeace\/?hl=en"]}]}},"_links":{"self":[{"href":"https:\/\/www.thegardenofpeace.com\/es\/wp-json\/wp\/v2\/pages\/34","targetHints":{"allow":["GET"]}}],"collection":[{"href":"https:\/\/www.thegardenofpeace.com\/es\/wp-json\/wp\/v2\/pages"}],"about":[{"href":"https:\/\/www.thegardenofpeace.com\/es\/wp-json\/wp\/v2\/types\/page"}],"author":[{"embeddable":true,"href":"https:\/\/www.thegardenofpeace.com\/es\/wp-json\/wp\/v2\/users\/1"}],"replies":[{"embeddable":true,"href":"https:\/\/www.thegardenofpeace.com\/es\/wp-json\/wp\/v2\/comments?post=34"}],"version-history":[{"count":6,"href":"https:\/\/www.thegardenofpeace.com\/es\/wp-json\/wp\/v2\/pages\/34\/revisions"}],"predecessor-version":[{"id":2346,"href":"https:\/\/www.thegardenofpeace.com\/es\/wp-json\/wp\/v2\/pages\/34\/revisions\/2346"}],"wp:attachment":[{"href":"https:\/\/www.thegardenofpeace.com\/es\/wp-json\/wp\/v2\/media?parent=34"}],"curies":[{"name":"wp","href":"https:\/\/api.w.org\/{rel}","templated":true}]}}