{"id":172,"date":"2016-11-08T20:30:56","date_gmt":"2016-11-08T20:30:56","guid":{"rendered":"http:\/\/69.89.31.166\/~plantsp2\/?page_id=172"},"modified":"2024-11-23T10:03:07","modified_gmt":"2024-11-23T10:03:07","slug":"healers-staff","status":"publish","type":"page","link":"https:\/\/www.thegardenofpeace.com\/es\/quienes-somos\/curanderos-personal\/","title":{"rendered":"Sanadores y personal"},"content":{"rendered":"<div class=\"wpb-content-wrapper\"><div class=\"vc_row wpb_row vc_row-fluid\"><div class=\"wpb_column vc_column_container vc_col-sm-12\"><div class=\"vc_column-inner\"><div class=\"wpb_wrapper\"><h1 class=\"sc_title sc_title_regular\"><\/p>\n<h1 style=\"text-align: center;\">Conoce a nuestro equipo<\/h1>\n<p><\/h1><div class=\"vc_separator wpb_content_element vc_separator_align_center vc_sep_width_100 vc_sep_pos_align_center vc_separator_no_text wpb_content_element  wpb_content_element\" ><span class=\"vc_sep_holder vc_sep_holder_l\"><span style=\"border-color:#ffbf00;\" class=\"vc_sep_line\"><\/span><\/span><span class=\"vc_sep_holder vc_sep_holder_r\"><span style=\"border-color:#ffbf00;\" class=\"vc_sep_line\"><\/span><\/span>\n<\/div><\/div><\/div><\/div><\/div><div class=\"vc_row wpb_row vc_row-fluid\"><div class=\"wpb_column vc_column_container vc_col-sm-12\"><div class=\"vc_column-inner\"><div class=\"wpb_wrapper\"><div class=\"vc_empty_space\"   style=\"height: 20px\"><span class=\"vc_empty_space_inner\"><\/span><\/div><blockquote class=\"sc_quote\"><p><\/p>\n<p style=\"text-align: center;\">El Jard\u00edn de la Paz no es s\u00f3lo un centro de sanaci\u00f3n, es tambi\u00e9n nuestro hogar y la base de una vasta red internacional de amigos y familiares que vienen aqu\u00ed a sanar, ense\u00f1ar y conectar. Te invitamos a formar parte de esa red como invitado de honor en El Jard\u00edn de la Paz, y a volver en los a\u00f1os venideros.<\/p>\n<p><\/p><\/blockquote><\/div><\/div><\/div><\/div><div class=\"vc_row wpb_row vc_row-fluid\"><div class=\"wpb_column vc_column_container vc_col-sm-12\"><div class=\"vc_column-inner\"><div class=\"wpb_wrapper\"><div class=\"vc_empty_space\"   style=\"height: 20px\"><span class=\"vc_empty_space_inner\"><\/span><\/div><\/div><\/div><\/div><\/div><div class=\"vc_row wpb_row vc_row-fluid\"><div class=\"wpb_column vc_column_container vc_col-sm-12\"><div class=\"vc_column-inner\"><div class=\"wpb_wrapper\">\n\t<div class=\"wpb_text_column wpb_content_element\" >\n\t\t<div class=\"wpb_wrapper\">\n\t\t\t<h3 style=\"text-align: center; font-size: 32px;\">Healers and staff<\/h3>\n\n\t\t<\/div>\n\t<\/div>\n<div class=\"vc_empty_space\"   style=\"height: 32px\"><span class=\"vc_empty_space_inner\"><\/span><\/div>\n\t<div class=\"wpb_text_column wpb_content_element\" >\n\t\t<div class=\"wpb_wrapper\">\n\t\t\t<p style=\"text-align: center;\"><div class=\"tmm tmm_team-garden-of-peace\"><div class=\"tmm_3_columns tmm_wrap tmm_plugin_f\"><span class=\"tmm_two_containers_tablet\"><\/span><div class=\"tmm_container\"><div class=\"tmm_member\" style=\"border-top:#587152 solid 5px;\"><div class=\"tmm_photo tmm_pic_team-garden-of-peace_0\" style=\"background: url(https:\/\/www.thegardenofpeace.com\/wp-content\/uploads\/2025\/07\/GUME2.jpg); margin-left: auto; margin-right:auto; background-size:cover !important;\"><\/div><div class=\"tmm_textblock\"><div class=\"tmm_names\"><span class=\"tmm_fname\">Gumercindo<\/span> <\/div><div class=\"tmm_job\">Curandero<\/div><div class=\"tmm_desc\" style=\"text-align:center\">49, was born and raised deep in the Peruvian jungle, in the remote village of Janero Jarerra, 11 hours from Iquitos. A highly respected Curandero with over 30 years of experience, he carries deep knowledge of Ayahuasca and Amazonian plant medicines. His path began at age 13 under the guidance of his renowned maestro, Julio Jerrena \u2014 featured in Ayahuasca in My Blood by Peter Gorman.Through years of strict dietas, Gumercindo formed powerful relationships with the master plants, learning from their leaves, roots, and barks. Today, he continues to be a beacon of healing, known for treating a wide range of ailments and guiding others through transformative plant medicine work.He offers deeply rooted ayahuasca ceremonies and dietas, healing physical, emotional, and spiritual imbalances. With a vast repertoire of icaros sung in multiple languages and original medicine songs received from spirit, his voice and guitar serve as a guiding force during ceremony.<\/div><div class=\"tmm_scblock\"><\/div><\/div><\/div><div class=\"tmm_member\" style=\"border-top:#587152 solid 5px;\"><div class=\"tmm_photo tmm_pic_team-garden-of-peace_1\" style=\"background: url(https:\/\/www.thegardenofpeace.com\/wp-content\/uploads\/2025\/07\/Guillermo-.jpg); margin-left: auto; margin-right:auto; background-size:cover !important;\"><\/div><div class=\"tmm_textblock\"><div class=\"tmm_names\"><span class=\"tmm_fname\">Guillermo<\/span> <\/div><div class=\"tmm_job\">Curandero<\/div><div class=\"tmm_desc\" style=\"text-align:center\">Traditional healer from the Shipibo-Conibo tribe, born in Pucallpa, Peru. His path into Amazonian medicine began at age 24 when his young son fell gravely ill. Inspired by this life-changing moment, Guillermo sought out renowned Maestro Manuel V\u00e1squez and committed to a rigorous shamanic dieta, beginning with the Marosa plant. His deep dedication, discipline, and innate gift for healing quickly became evident when he successfully treated a young girl under his maestro\u2019s guidance.Now with over 16 years of experience, Guillermo continues his path of study and healing. He has worked with respected centers such as Casa Shipiba and Aya Madre, and has trained both Peruvian and international students in traditional plant medicine. Guided by humility and purpose, Guillermo remains committed to the wisdom of the plants and the healing traditions of his ancestors.<\/div><div class=\"tmm_scblock\"><\/div><\/div><\/div><span class=\"tmm_two_containers_tablet\"><\/span><div class=\"tmm_member\" style=\"border-top:#587152 solid 5px;\"><div class=\"tmm_photo tmm_pic_team-garden-of-peace_2\" style=\"background: url(https:\/\/www.thegardenofpeace.com\/wp-content\/uploads\/2026\/04\/BC2BCE8D-916D-4753-898B-E86234E2617B.jpg); margin-left: auto; margin-right:auto; background-size:cover !important;\"><\/div><div class=\"tmm_textblock\"><div class=\"tmm_names\"><span class=\"tmm_fname\">Marije<\/span> <span class=\"tmm_lname\">van Neck<\/span><\/div><div class=\"tmm_job\">Manager \/ Facilitator<\/div><div class=\"tmm_desc\" style=\"text-align:center\"><p>Marije brings over 25 years of experience working and coaching within companies across Europe, Asia and South America, alongside a deep personal path of healing and self-discovery.<\/p><p>Her journey led her to study yoga, trauma-aware practices, sound and vibration, and ceremonial traditions in different parts of the world.<\/p><p>She brings deep compassion for people, a calm and grounded presence, and a heartfelt connection with plants and nature. Marije creates spaces where people feel safe, seen, and supported to explore and reconnect with themselves.<\/p><p>Participants often describe her presence as warm, authentic, and deeply supportive, someone who walks beside you, not ahead of you.<\/p><\/div><div class=\"tmm_scblock\"><\/div><\/div><\/div><\/div><span class=\"tmm_columns_containers_desktop\"><\/span><div class=\"tmm_container\"><div class=\"tmm_member\" style=\"border-top:#587152 solid 5px;\"><div class=\"tmm_photo tmm_pic_team-garden-of-peace_3\" style=\"background: url(https:\/\/www.thegardenofpeace.com\/wp-content\/uploads\/2025\/07\/izabela.jpg); margin-left: auto; margin-right:auto; background-size:cover !important;\"><\/div><div class=\"tmm_textblock\"><div class=\"tmm_names\"><span class=\"tmm_fname\">Izabela Maria<\/span> <span class=\"tmm_lname\">Kubicka<\/span><\/div><div class=\"tmm_job\">Manager, Integration Coach, Ceremony Facilitator<\/div><div class=\"tmm_desc\" style=\"text-align:center\">Izabela Maria Kubicka brings over eight years of experience working intimately with sacred plant medicines. As a manager, integration coach, and ceremony facilitator at The Garden of Peace, she holds space with deep presence, compassion, and intuitive insight.Her journey has led her deep into the Amazon, where she underwent traditional initiations in solitude, and into the realms of emotional healing, spiritual therapy, and consciousness exploration. These experiences inform her grounded, heart-centered approach to transformation.Izabela\u2019s gift lies in guiding others through profound inner work\u2014whether through one-on-one integration coaching, intuitive energy support, or sacred ceremony. Her work is rooted in a deep devotion to healing, evolution, and the awakening of human potential.<\/div><div class=\"tmm_scblock\"><\/div><\/div><\/div><span class=\"tmm_two_containers_tablet\"><\/span><div class=\"tmm_member\" style=\"border-top:#587152 solid 5px;\"><div class=\"tmm_photo tmm_pic_team-garden-of-peace_4\" style=\"background: url(https:\/\/www.thegardenofpeace.com\/wp-content\/uploads\/2023\/02\/328469946_709556094037437_3060379131554910386_n.jpg); margin-left: auto; margin-right:auto; background-size:cover !important;\"><\/div><div class=\"tmm_textblock\"><div class=\"tmm_names\"><span class=\"tmm_fname\">Ash<\/span> <span class=\"tmm_lname\">Avery<\/span><\/div><div class=\"tmm_job\">Fundador y Director<\/div><div class=\"tmm_desc\" style=\"text-align:center\">Ashley is an experienced shamanic healer and the founder and owner of The Garden of Peace. Over the past 12 years, he has dedicated himself to building the center and is immensely proud of the supportive team he has assembled to enrich your stay.Originally from the South of England, Ash has traveled the world for many years. He has spent the last 16 years studying sacred plant medicines and shamanism in Peru, immersing himself in traditional master plant diets under the guidance of his teachers. As an experienced retreat facilitator, he has a deep understanding of the complex nature of supporting others through physical, mental, and emotional healing.At this time, Ashleys primary role within The Garden of Peace is Project Manager. While he may not always be present on-site, his dedication to your healing journey remains a cornerstone of our mission.In his free time he loves surfing, traveling, enjoying mangoes, making music, and connecting with nature.<\/div><div class=\"tmm_scblock\"><\/div><\/div><\/div><div class=\"tmm_member\" style=\"border-top:#587152 solid 5px;\"><div class=\"tmm_photo tmm_pic_team-garden-of-peace_5\" style=\"background: url(https:\/\/www.thegardenofpeace.com\/wp-content\/uploads\/2024\/11\/Benita.jpg); margin-left: auto; margin-right:auto; background-size:cover !important;\"><\/div><div class=\"tmm_textblock\"><div class=\"tmm_names\"><span class=\"tmm_fname\">Benita<\/span> <\/div><div class=\"tmm_job\">Cook and Housekeeping<\/div><div class=\"tmm_desc\" style=\"text-align:center\">Benita is Oscar's wife and a valued member of The Garden of Peace team. You\u2019ll often find her working diligently alongside their two children, Edmond and Mayra, who love to lend a helping hand on weekends.In her primary role at the garden, Benita is responsible for cooking and housekeeping. Her nurturing spirit shines through in the meals she prepares and the welcoming atmosphere she fosters for our guests. Benita truly embodies the heart of The Garden of Peace, creating a warm and inviting environment for everyone.<\/div><div class=\"tmm_scblock\"><\/div><\/div><\/div><span class=\"tmm_two_containers_tablet\"><\/span><\/div><span class=\"tmm_columns_containers_desktop\"><\/span><div class=\"tmm_container\"><div class=\"tmm_member\" style=\"border-top:#587152 solid 5px;\"><div class=\"tmm_photo tmm_pic_team-garden-of-peace_6\" style=\"background: url(https:\/\/www.thegardenofpeace.com\/wp-content\/uploads\/2025\/07\/LENI-2.jpg); margin-left: auto; margin-right:auto; background-size:cover !important;\"><\/div><div class=\"tmm_textblock\"><div class=\"tmm_names\"><span class=\"tmm_fname\">Lenin<\/span> <span class=\"tmm_lname\">Diaz Curinambe<\/span><\/div><div class=\"tmm_job\">Jardinero<\/div><div class=\"tmm_desc\" style=\"text-align:center\">Lenin has been a valued part of The Garden of Peace family since our founding in 2014. Living locally, he plays an essential role in ensuring our operations run smoothly, come rain or shine. Growing up in a family that cultivates coffee, Lenin has developed a deep connection to the lush, surrounding forests and the vibrant ecosystem they support.He takes great pride in maintaining our medicinal plant gardens and buildings, while also providing invaluable support to our team\u2014whether it\u2019s running errands, caring for our beloved pets, or assisting in the preparation of natural medicines.In recent years, Lenin has embarked on his own dietas and is committed to furthering his knowledge of the natural medicines of the Amazon. His dedication to both the land and the healing processes we offer makes him an integral part of our community.<\/div><div class=\"tmm_scblock\"><a target=\"_blank\" class=\"tmm_sociallink\" href=\"http:\/\/voyagewithscott.com\" title=\"sitio web\"><img decoding=\"async\" alt=\"sitio web\" src=\"https:\/\/www.thegardenofpeace.com\/wp-content\/plugins\/team-members\/inc\/img\/links\/website.png\"\/><\/a><\/div><\/div><\/div><div class=\"tmm_member\" style=\"border-top:#587152 solid 5px;\"><div class=\"tmm_photo tmm_pic_team-garden-of-peace_7\" style=\"background: url(https:\/\/www.thegardenofpeace.com\/wp-content\/uploads\/2025\/07\/Sandra.jpg); margin-left: auto; margin-right:auto; background-size:cover !important;\"><\/div><div class=\"tmm_textblock\"><div class=\"tmm_names\"><span class=\"tmm_fname\">Sandra<\/span> <\/div><div class=\"tmm_job\">Kitchen assistant, Grounds Support<\/div><div class=\"tmm_desc\" style=\"text-align:center\">Sandra is Leni\u2019s little sister and a cherished member of The Garden of Peace family. With her bright smile, playful energy, and generous heart, she brings joy and warmth to everyone she meets. Whether she\u2019s helping in the kitchen or caring for the grounds, Sandra\u2019s love for serving others shines through\u2014especially when she\u2019s preparing fresh, dieta-friendly meals to nourish guests during their journey.<\/div><div class=\"tmm_scblock\"><\/div><\/div><\/div><span class=\"tmm_two_containers_tablet\"><\/span><div class=\"tmm_member\" style=\"border-top:#587152 solid 5px;\"><div class=\"tmm_photo tmm_pic_team-garden-of-peace_8\" style=\"background: url(https:\/\/www.thegardenofpeace.com\/wp-content\/uploads\/2024\/11\/Osca.jpg); margin-left: auto; margin-right:auto; background-size:cover !important;\"><\/div><div class=\"tmm_textblock\"><div class=\"tmm_names\"><span class=\"tmm_fname\">Oscar<\/span> <\/div><div class=\"tmm_job\">Maintenance and Builder<\/div><div class=\"tmm_desc\" style=\"text-align:center\">Oscar is an invaluable member of The Garden of Peace team, serving as our primary maintenance man. Since the inception of the garden, Oscar and his family have been an integral part of our community. He works tirelessly to ensure that the property remains in excellent condition, demonstrating unwavering commitment and dedication.As a hardworking family man, Oscar is passionate about making The Garden of Peace the best it can be. His efforts contribute significantly to the welcoming environment that supports healing and transformation for all our guests.<\/div><div class=\"tmm_scblock\"><\/div><\/div><\/div><div style=\"clear:both;\"><\/div><\/div><\/div><\/div>\n\n\t\t<\/div>\n\t<\/div>\n<\/div><\/div><\/div><\/div><div class=\"vc_row wpb_row vc_row-fluid\"><div class=\"wpb_column vc_column_container vc_col-sm-12\"><div class=\"vc_column-inner\"><div class=\"wpb_wrapper\">\n\t<div class=\"wpb_text_column wpb_content_element\" >\n\t\t<div class=\"wpb_wrapper\">\n\t\t\t<h3 style=\"text-align: center; font-size: 32px;\">GOP Partners<\/h3>\n\n\t\t<\/div>\n\t<\/div>\n<div class=\"vc_empty_space\"   style=\"height: 32px\"><span class=\"vc_empty_space_inner\"><\/span><\/div>\n\t<div class=\"wpb_text_column wpb_content_element\" >\n\t\t<div class=\"wpb_wrapper\">\n\t\t\t<div class=\"tmm tmm_team-garden-of-peace-gop-partners\"><div class=\"tmm_3_columns tmm_wrap tmm_plugin_f\"><span class=\"tmm_two_containers_tablet\"><\/span><div class=\"tmm_container\"><div class=\"tmm_member\" style=\"border-top:#333333 solid 5px;\"><div class=\"tmm_photo tmm_pic_team-garden-of-peace-gop-partners_0\" style=\"background: url(https:\/\/www.thegardenofpeace.com\/wp-content\/uploads\/2023\/11\/nysha.jpg); margin-left: auto; margin-right:auto; background-size:cover !important;\"><\/div><div class=\"tmm_textblock\"><div class=\"tmm_names\"><span class=\"tmm_fname\">Naysha<\/span> <\/div><div class=\"tmm_desc\" style=\"text-align:\"><p>Naysha, is an international Peruvian Ayahuasquera, and Spiritual Guide with 15 years of experience.<\/p><p>Her journey with plant medicine began before her birth, as her mother sought healing through shamans when she could not get pregnant. With a legal background, Naysha left her career to immerse herself in the teachings of plant teachers in the Amazon and among the Sami people of Lapland.<\/p><p>Experienced in Ayahuasca, San Pedro, Kambo ceremonies, and various healing modalities, Naysha has traveled across 23+ countries, sharing her practice.<\/p><p>Her vision is to create a global community for personal and collective transformation.<\/p><\/div><div class=\"tmm_scblock\"><\/div><\/div><\/div><div class=\"tmm_member\" style=\"border-top:#333333 solid 5px;\"><div class=\"tmm_photo tmm_pic_team-garden-of-peace-gop-partners_1\" style=\"background: url(https:\/\/www.thegardenofpeace.com\/wp-content\/uploads\/2022\/09\/adrian-3-.jpeg); margin-left: auto; margin-right:auto; background-size:cover !important;\"><\/div><div class=\"tmm_textblock\"><div class=\"tmm_names\"><span class=\"tmm_fname\">Adrian<\/span> <span class=\"tmm_lname\">Kent<\/span><\/div><div class=\"tmm_job\">Facilitadora de retiros e instructora de yoga<\/div><div class=\"tmm_desc\" style=\"text-align:\"><p>Adrian ha practicado yoga durante casi 30 a\u00f1os. Recibi\u00f3 su 220hr Formaci\u00f3n de Profesores de Yoga en Kundalini Yoga, as\u00ed como un 200hr Formaci\u00f3n de Profesores de Yoga Hatha-basado m\u00e1s formaci\u00f3n adicional en Yoga Restaurativo.<\/p><p>Adrian asisti\u00f3 a uno de los primeros retiros de ayahuasca y plantas maestras de Jard\u00edn y Paz all\u00e1 por 2015. Los efectos positivos que recibi\u00f3 al trabajar con plantas medicinales de la selva fueron profundos.<\/p><p>Comparte tecnolog\u00edas de Kundalini Yoga, en forma de kriyas y meditaciones que ayudar\u00e1n a fortalecer el sistema nervioso, limpiar el subconsciente de desorden no deseado, equilibrar el sistema endocrino, fortalecer y limpiar el campo \u00e1urico, limpiar los canales de energ\u00eda de bloqueos y activar nuestra fuerza interior.<\/p><\/div><div class=\"tmm_scblock\"><\/div><\/div><\/div><span class=\"tmm_two_containers_tablet\"><\/span><div class=\"tmm_member\" style=\"border-top:#333333 solid 5px;\"><div class=\"tmm_photo tmm_pic_team-garden-of-peace-gop-partners_2\" style=\"background: url(https:\/\/www.thegardenofpeace.com\/wp-content\/uploads\/2024\/11\/Jarrod-.jpg); margin-left: auto; margin-right:auto; background-size:cover !important;\"><\/div><div class=\"tmm_textblock\"><div class=\"tmm_names\"><span class=\"tmm_fname\">Jarrod<\/span> <\/div><div class=\"tmm_desc\" style=\"text-align:\"><p>Jarrod is a dedicated retreat organiser with extensive experience in guiding groups through plant medicine journeys. Since beginning his own exploration in 2018, he has cultivated a deep understanding of healing practices and now facilitates retreats primarily in Latin America. His work spans multiple countries, including Ecuador, Mexico, Colombia, and Peru, where he has developed and led programs at a notable retreat center in Colombia. As a musician and facilitator for Bufo and Psilocybin experiences, he combines diverse skills to support participants' journeys.<\/p><p>Jarrod places a strong emphasis on education and integration, working with individuals before and after their encounters with plant medicines like Ayahuasca and master plant dietas. His collaboration with the Garden of Peace enhances his ability to create meaningful and transformative retreat experiences for individuals from around the world, grounded in authenticity and a commitment to genuine healing.<\/p><\/div><div class=\"tmm_scblock\"><\/div><\/div><\/div><div style=\"clear:both;\"><\/div><\/div><\/div><\/div>\n\n\t\t<\/div>\n\t<\/div>\n<\/div><\/div><\/div><\/div>\n<\/div>","protected":false},"excerpt":{"rendered":"","protected":false},"author":1,"featured_media":0,"parent":14,"menu_order":0,"comment_status":"closed","ping_status":"closed","template":"","meta":{"pgc_meta":"","footnotes":""},"class_list":["post-172","page","type-page","status-publish","hentry"],"pgc_meta":"","yoast_head":"<!-- This site is optimized with the Yoast SEO plugin v27.2 - https:\/\/yoast.com\/product\/yoast-seo-wordpress\/ -->\n<title>Meet our team | Ayahuasca Healing Retreat Peru | The Garden of Peace<\/title>\n<meta name=\"description\" content=\"healers, shaman, curanderos and staff at E Jardin\" \/>\n<meta name=\"robots\" content=\"index, follow, max-snippet:-1, max-image-preview:large, max-video-preview:-1\" \/>\n<link rel=\"canonical\" href=\"https:\/\/www.thegardenofpeace.com\/es\/quienes-somos\/curanderos-personal\/\" \/>\n<meta property=\"og:locale\" content=\"es_ES\" \/>\n<meta property=\"og:type\" content=\"article\" \/>\n<meta property=\"og:title\" content=\"Meet our team | Ayahuasca Healing Retreat Peru | The Garden of Peace\" \/>\n<meta property=\"og:description\" content=\"healers, shaman, curanderos and staff at E Jardin\" \/>\n<meta property=\"og:url\" content=\"https:\/\/www.thegardenofpeace.com\/es\/quienes-somos\/curanderos-personal\/\" \/>\n<meta property=\"og:site_name\" content=\"The Garden of Peace\" \/>\n<meta property=\"article:publisher\" content=\"https:\/\/www.facebook.com\/eljardindelapaz\/?tn-str=k%2aF\" \/>\n<meta property=\"article:modified_time\" content=\"2024-11-23T10:03:07+00:00\" \/>\n<meta name=\"twitter:card\" content=\"summary_large_image\" \/>\n<meta name=\"twitter:label1\" content=\"Tiempo de lectura\" \/>\n\t<meta name=\"twitter:data1\" content=\"1 minuto\" \/>\n<script type=\"application\/ld+json\" class=\"yoast-schema-graph\">{\"@context\":\"https:\/\/schema.org\",\"@graph\":[{\"@type\":\"WebPage\",\"@id\":\"https:\/\/www.thegardenofpeace.com\/who-we-are\/healers-staff\/\",\"url\":\"https:\/\/www.thegardenofpeace.com\/who-we-are\/healers-staff\/\",\"name\":\"Meet our team | Ayahuasca Healing Retreat Peru | The Garden of Peace\",\"isPartOf\":{\"@id\":\"https:\/\/www.thegardenofpeace.com\/#website\"},\"datePublished\":\"2016-11-08T20:30:56+00:00\",\"dateModified\":\"2024-11-23T10:03:07+00:00\",\"description\":\"healers, shaman, curanderos and staff at E Jardin\",\"breadcrumb\":{\"@id\":\"https:\/\/www.thegardenofpeace.com\/who-we-are\/healers-staff\/#breadcrumb\"},\"inLanguage\":\"es\",\"potentialAction\":[{\"@type\":\"ReadAction\",\"target\":[\"https:\/\/www.thegardenofpeace.com\/who-we-are\/healers-staff\/\"]}]},{\"@type\":\"BreadcrumbList\",\"@id\":\"https:\/\/www.thegardenofpeace.com\/who-we-are\/healers-staff\/#breadcrumb\",\"itemListElement\":[{\"@type\":\"ListItem\",\"position\":1,\"name\":\"Who we are\",\"item\":\"https:\/\/www.thegardenofpeace.com\/who-we-are\/\"},{\"@type\":\"ListItem\",\"position\":2,\"name\":\"Healers &#038; Staff\"}]},{\"@type\":\"WebSite\",\"@id\":\"https:\/\/www.thegardenofpeace.com\/#website\",\"url\":\"https:\/\/www.thegardenofpeace.com\/\",\"name\":\"The Garden of Peace\",\"description\":\"\",\"publisher\":{\"@id\":\"https:\/\/www.thegardenofpeace.com\/#organization\"},\"potentialAction\":[{\"@type\":\"SearchAction\",\"target\":{\"@type\":\"EntryPoint\",\"urlTemplate\":\"https:\/\/www.thegardenofpeace.com\/?s={search_term_string}\"},\"query-input\":{\"@type\":\"PropertyValueSpecification\",\"valueRequired\":true,\"valueName\":\"search_term_string\"}}],\"inLanguage\":\"es\"},{\"@type\":\"Organization\",\"@id\":\"https:\/\/www.thegardenofpeace.com\/#organization\",\"name\":\"the garden of peace\",\"url\":\"https:\/\/www.thegardenofpeace.com\/\",\"logo\":{\"@type\":\"ImageObject\",\"inLanguage\":\"es\",\"@id\":\"https:\/\/www.thegardenofpeace.com\/#\/schema\/logo\/image\/\",\"url\":\"https:\/\/www.thegardenofpeace.com\/wp-content\/uploads\/2018\/11\/header-three.png\",\"contentUrl\":\"https:\/\/www.thegardenofpeace.com\/wp-content\/uploads\/2018\/11\/header-three.png\",\"width\":558,\"height\":149,\"caption\":\"the garden of peace\"},\"image\":{\"@id\":\"https:\/\/www.thegardenofpeace.com\/#\/schema\/logo\/image\/\"},\"sameAs\":[\"https:\/\/www.facebook.com\/eljardindelapaz\/?tn-str=k*F\",\"https:\/\/www.instagram.com\/thegardenofpeace\/?hl=en\"]}]}<\/script>\n<!-- \/ Yoast SEO plugin. -->","yoast_head_json":{"title":"Meet our team | Ayahuasca Healing Retreat Peru | The Garden of Peace","description":"healers, shaman, curanderos and staff at E Jardin","robots":{"index":"index","follow":"follow","max-snippet":"max-snippet:-1","max-image-preview":"max-image-preview:large","max-video-preview":"max-video-preview:-1"},"canonical":"https:\/\/www.thegardenofpeace.com\/es\/quienes-somos\/curanderos-personal\/","og_locale":"es_ES","og_type":"article","og_title":"Meet our team | Ayahuasca Healing Retreat Peru | The Garden of Peace","og_description":"healers, shaman, curanderos and staff at E Jardin","og_url":"https:\/\/www.thegardenofpeace.com\/es\/quienes-somos\/curanderos-personal\/","og_site_name":"The Garden of Peace","article_publisher":"https:\/\/www.facebook.com\/eljardindelapaz\/?tn-str=k%2aF","article_modified_time":"2024-11-23T10:03:07+00:00","twitter_card":"summary_large_image","twitter_misc":{"Tiempo de lectura":"1 minuto"},"schema":{"@context":"https:\/\/schema.org","@graph":[{"@type":"WebPage","@id":"https:\/\/www.thegardenofpeace.com\/who-we-are\/healers-staff\/","url":"https:\/\/www.thegardenofpeace.com\/who-we-are\/healers-staff\/","name":"Meet our team | Ayahuasca Healing Retreat Peru | The Garden of Peace","isPartOf":{"@id":"https:\/\/www.thegardenofpeace.com\/#website"},"datePublished":"2016-11-08T20:30:56+00:00","dateModified":"2024-11-23T10:03:07+00:00","description":"healers, shaman, curanderos and staff at E Jardin","breadcrumb":{"@id":"https:\/\/www.thegardenofpeace.com\/who-we-are\/healers-staff\/#breadcrumb"},"inLanguage":"es","potentialAction":[{"@type":"ReadAction","target":["https:\/\/www.thegardenofpeace.com\/who-we-are\/healers-staff\/"]}]},{"@type":"BreadcrumbList","@id":"https:\/\/www.thegardenofpeace.com\/who-we-are\/healers-staff\/#breadcrumb","itemListElement":[{"@type":"ListItem","position":1,"name":"Who we are","item":"https:\/\/www.thegardenofpeace.com\/who-we-are\/"},{"@type":"ListItem","position":2,"name":"Healers &#038; Staff"}]},{"@type":"WebSite","@id":"https:\/\/www.thegardenofpeace.com\/#website","url":"https:\/\/www.thegardenofpeace.com\/","name":"The Garden of Peace","description":"","publisher":{"@id":"https:\/\/www.thegardenofpeace.com\/#organization"},"potentialAction":[{"@type":"SearchAction","target":{"@type":"EntryPoint","urlTemplate":"https:\/\/www.thegardenofpeace.com\/?s={search_term_string}"},"query-input":{"@type":"PropertyValueSpecification","valueRequired":true,"valueName":"search_term_string"}}],"inLanguage":"es"},{"@type":"Organization","@id":"https:\/\/www.thegardenofpeace.com\/#organization","name":"the garden of peace","url":"https:\/\/www.thegardenofpeace.com\/","logo":{"@type":"ImageObject","inLanguage":"es","@id":"https:\/\/www.thegardenofpeace.com\/#\/schema\/logo\/image\/","url":"https:\/\/www.thegardenofpeace.com\/wp-content\/uploads\/2018\/11\/header-three.png","contentUrl":"https:\/\/www.thegardenofpeace.com\/wp-content\/uploads\/2018\/11\/header-three.png","width":558,"height":149,"caption":"the garden of peace"},"image":{"@id":"https:\/\/www.thegardenofpeace.com\/#\/schema\/logo\/image\/"},"sameAs":["https:\/\/www.facebook.com\/eljardindelapaz\/?tn-str=k*F","https:\/\/www.instagram.com\/thegardenofpeace\/?hl=en"]}]}},"_links":{"self":[{"href":"https:\/\/www.thegardenofpeace.com\/es\/wp-json\/wp\/v2\/pages\/172","targetHints":{"allow":["GET"]}}],"collection":[{"href":"https:\/\/www.thegardenofpeace.com\/es\/wp-json\/wp\/v2\/pages"}],"about":[{"href":"https:\/\/www.thegardenofpeace.com\/es\/wp-json\/wp\/v2\/types\/page"}],"author":[{"embeddable":true,"href":"https:\/\/www.thegardenofpeace.com\/es\/wp-json\/wp\/v2\/users\/1"}],"replies":[{"embeddable":true,"href":"https:\/\/www.thegardenofpeace.com\/es\/wp-json\/wp\/v2\/comments?post=172"}],"version-history":[{"count":6,"href":"https:\/\/www.thegardenofpeace.com\/es\/wp-json\/wp\/v2\/pages\/172\/revisions"}],"predecessor-version":[{"id":1239,"href":"https:\/\/www.thegardenofpeace.com\/es\/wp-json\/wp\/v2\/pages\/172\/revisions\/1239"}],"up":[{"embeddable":true,"href":"https:\/\/www.thegardenofpeace.com\/es\/wp-json\/wp\/v2\/pages\/14"}],"wp:attachment":[{"href":"https:\/\/www.thegardenofpeace.com\/es\/wp-json\/wp\/v2\/media?parent=172"}],"curies":[{"name":"wp","href":"https:\/\/api.w.org\/{rel}","templated":true}]}}